{"id":1596,"date":"2025-04-29T16:11:48","date_gmt":"2025-04-29T20:11:48","guid":{"rendered":"https:\/\/serfamiliabolivia.org\/?page_id=1596"},"modified":"2025-05-16T15:20:46","modified_gmt":"2025-05-16T19:20:46","slug":"red-empleo-2__trashed","status":"publish","type":"page","link":"https:\/\/serfamiliabolivia.org\/?page_id=1596","title":{"rendered":"Red Empleo"},"content":{"rendered":"\n\n\n\n<p>Lorem Ipsum has been the industry&#8217;s standard dummy text ever since the 1500s.<\/p>\n\n\n\n\n<h2>EJECUTADO<\/h2>\n\n\n\n\n\n\n<p><strong>Proyecto: <\/strong>FUNDACI\u00d3N SER FAMILIA, CNI (C\u00e1mara Nacional de Industria) Y LA FUNDACI\u00d3N CODESPA<\/p>\n\n\n<strong>Financiador:<\/strong>\nUNION EUROPEA<p class=\"MsoNormal\" style=\"margin-bottom:0cm;line-height:normal\"><o:p><\/o:p><\/p>\n\n\n<strong>Ejecuci\u00f3n:<\/strong> marzo 2020 a marzo 2023<p class=\"MsoNormal\"><o:p><\/o:p><\/p>\n\n\n<p [object NamedNodeMap]><strong>Pa\u00eds:<\/strong> Bolivia<\/p>\n\n\n<strong>Localizaci\u00f3n:<\/strong> Municipios de La Paz, El Alto, Achocalla, Viacha y Laja.<p class=\"MsoNormal\"><o:p><\/o:p><\/p>\n\n\n\n\n\n\n\n<p style=\"text-align: justify;\"><strong>Descripci\u00f3n del proyecto:<\/strong> Con la presente propuesta, se desarroll\u00f3 acciones que faciliten la participaci\u00f3n de las y los j\u00f3venes en la incidencia en pol\u00edticas p\u00fablicas mediante acciones que promuevan en ellos el conocimiento y aplicaci\u00f3n de sus derechos econ\u00f3micos, sociales y culturales, y al mismo tiempo sensibilizar a la sociedad civil e instancias p\u00fablicas y privadas sobre estos derechos.<\/p><p style=\"text-align: justify;\">del proyecto, se caracteriz\u00f3 por el fortalecimiento de acciones encaminadas a mejorar las oportunidades laborales de m\u00e1s de 5.000 j\u00f3venes vulnerables pertenecientes al \u00e1rea metropolitana de La Paz mediante la articulaci\u00f3n con actores p\u00fablicos y privados (Gobiernos Municipales, organizaciones de la sociedad civil y empresas) para la generaci\u00f3n de empleo, autoempleo y emprendimientos verdes llevadas adelante a trav\u00e9s de cuatro resultados del Proyecto REDEmpleo.&nbsp;<\/p><p style=\"text-align: justify;\">Debido a las condiciones adversas por las que han atravesado Bolivia y el mundo debido a la crisis generada por los efectos de la pandemia COVID-19, las actividades de la acci\u00f3n fueron ejecutadas con un mayor grado de esfuerzo, para cumplir cada uno de los resultados, a trav\u00e9s de una coordinaci\u00f3n constante entre las entidades ejecutoras, de tal forma que se pudo alcanzar el logro de los objetivos y resultados, con el fin \u00faltimo de concluir el Proyecto en el tiempo inicialmente previsto en el Contrato de Subvenci\u00f3n de la Acci\u00f3n.<\/p><p><br><\/p>\n\n\n\n\n\n\n\n\n<h2 style=\"color: rgb(255, 153, 0);\">Objetivos<\/h2>\n\n\n\n\n<p>Mejorar los niveles de inserci\u00f3n laboral y el pleno respeto de los derechos de las y los j\u00f3venes de Bolivia mediante su incidencia para la aplicaci\u00f3n de pol\u00edticas p\u00fablicas para el empleo.<\/p>\n\n\n\n\n\n\n<p>Fomentar la participaci\u00f3n de 4.000 j\u00f3venes vulnerables en 5 Municipios del \u00e1rea metropolitana de la Paz en el dise\u00f1o y aplicaci\u00f3n de pol\u00edticas p\u00fablicas para el empleo y el autoempleo, trabajando en red con las autoridades locales y el sector empresarial.<\/p>\n\n\n\n\n\n\n\n\n\n\n<h2 style=\"color: rgb(240, 106, 8);\">Resultados<\/h2>\n\n\n\n\n<h2 style=\"color: rgb(240, 106, 8);\">Planificado<\/h2>\n\n\n<h2 style=\"color: rgb(240, 106, 8);\">Logrado a marzo 2025<\/h2>\n\n\n\n\n<p><strong>4.800 <\/strong>hombres y mujeres j\u00f3venes (16 a 28 a\u00f1os) con capacidades t\u00e9cnicas, organizativas y de gesti\u00f3n fortalecidas.&nbsp;<\/p>\n\n\n\n\n<p><strong>5.084 (105,92%) <\/strong>hombres y mujeres j\u00f3venes (16 a 28 a\u00f1os) con capacidades t\u00e9cnicas, organizativas y de gesti\u00f3n fortalecidas.&nbsp;<\/p>\n\n\n\nj\u00f3venes\n\n\n\n\n\n\n\n\n\n\n<h2><span style=\"color:#fcba16;\">Lecciones aprendidas<\/span>&nbsp;<\/h2>\n\n\n\n\n\n<ul><li style=\"text-align: justify;\">Los municipios tienen apertura para complementar sus acciones con la Sociedad Civil, para el caso, tienen disposici\u00f3n para poner a disposici\u00f3n de los proyectos sus instalaciones, acompa\u00f1amiento y generaci\u00f3n de tareas conjuntas. Todo ello, adem\u00e1s de la relevancia del proyecto, permitieron que las autoridades municipales instalen las plataformas de informaci\u00f3n juvenil al interior de sus oficinas principales.&nbsp;<\/li><li style=\"text-align: justify;\">Las estrategias de acercamiento a las y los j\u00f3venes hoy permiten incorporar a las tecnolog\u00edas como un medio eficaz, a las que se suman las tradicionales. Para el \u00e9xito de las plataformas de atenci\u00f3n a la juventud fueron importantes: un lugar visible y adecuado de la oficina, difusi\u00f3n a trav\u00e9s de redes, comunicaci\u00f3n a trav\u00e9s de WhatsApp, Twitter y Facebook.&nbsp;<\/li><li style=\"text-align: justify;\">La complementariedad y la suma de esfuerzos con otros proyectos de la sociedad civil potencia la intervenci\u00f3n, que genera un mejor servicio con la juventud de los diferentes municipios. organizar los encuentros juveniles municipales fueron un \u00e9xito debido a que intervinieron otros proyectos de las OSC, autoridades, empresariado y organizaciones de base.&nbsp;<\/li><li style=\"text-align: justify;\">Si bien las mujeres tuvieron mayor participaci\u00f3n en el proyecto, es necesario generar acciones dise\u00f1adas para la inclusi\u00f3n de g\u00e9nero y discapacidad.<\/li><\/ul>\n\n\n<p><ul><li style=\"text-align: justify;\">La tem\u00e1tica de empleo y oportunidades para los j\u00f3venes est\u00e1 fuertemente incorporada en la agenda de los municipios involucrados con el proyecto y es parte de las agendas para los pr\u00f3ximos a\u00f1os. Se ha conformado un grupo de actores juveniles que comparten conocimientos y capacidades respecto a las pol\u00edticas p\u00fablicas de empleo y emprendimiento, que conforman un capital social que puede aprovecharse para acciones futuras. Se han generado sinergias entre varios actores, que incluyen al sector privado, para avanzar en la mejora de las pol\u00edticas p\u00fablicas de empleo en el futuro.&nbsp;<\/li><li style=\"text-align: justify;\">El criterio de acompa\u00f1amiento a los j\u00f3venes desde la perspectiva social fue fundamental para que se mantengan motivados en la generaci\u00f3n de las ideas y emprendimientos. Por lo tanto, el trabajar en habilidades blandas contribuy\u00f3 a que se aborde de manera integral el trabajo con los beneficiarios.&nbsp;<\/li><li style=\"text-align: justify;\">Si el desarrollo de capacidades y toma de conciencia no se acompa\u00f1a en el futuro con actividades que las fortalecen y acompa\u00f1an para el logro de resultados concretos, es posible que los logros del proyecto en este \u00e1mbito se desvanezcan y generen frustraci\u00f3n.&nbsp;<\/li><li style=\"text-align: justify;\">La incorporaci\u00f3n de tecnolog\u00eda para el caso de cursos online, adem\u00e1s de herramientas tecnol\u00f3gicas para dinamizar las sesiones de cursos presenciales.&nbsp;<\/li><li style=\"text-align: justify;\">Modelos y procesos de seguimiento y sistematizaci\u00f3n para cursos con gran cantidad de participantes. incluyendo sistemas inform\u00e1ticos y herramientas tecnol\u00f3gicas que se encuentran en sistemas libres (ej. aplicaci\u00f3n de instrumentos en l\u00ednea)&nbsp;<\/li><li style=\"text-align: justify;\">Los gobiernos municipales y sus diferentes secretarias tienen funciones similares, como es el caso con j\u00f3venes, que es posible lograr consensos que permita que cada instancia pueda cumplir sus planes de intervenci\u00f3n. Para el caso, realizamos todo un proceso de abogac\u00eda y presentaciones desde las m\u00e1ximas autoridades (Alcaldes) hasta los t\u00e9cnicos; gracias a lo anterior se pudieron lograr avances y resultados con reportes a cada direcci\u00f3n o autoridad.&nbsp;<\/li><li style=\"text-align: justify;\">Existe en la poblaci\u00f3n, en especial las y los j\u00f3venes, motivaci\u00f3n para iniciar o fortalecer redes. Para el caso, es muy importante rescatar los saberes previos, redes que tienen a nivel individual o colectivo. Al finalizar el proyecto en cada municipio por lo menos se fortalecieron unas 10 organizaciones juveniles.&nbsp;<\/li><li><br><\/li><\/ul><\/p><p style=\"text-align: justify;\"><br><\/p>\n\n\n\n\n","protected":false},"excerpt":{"rendered":"","protected":false},"author":1,"featured_media":0,"parent":0,"menu_order":0,"comment_status":"closed","ping_status":"closed","template":"","meta":{"pagelayer_contact_templates":[],"_pagelayer_content":"","footnotes":""},"class_list":["post-1596","page","type-page","status-publish","hentry"],"_links":{"self":[{"href":"https:\/\/serfamiliabolivia.org\/index.php?rest_route=\/wp\/v2\/pages\/1596","targetHints":{"allow":["GET"]}}],"collection":[{"href":"https:\/\/serfamiliabolivia.org\/index.php?rest_route=\/wp\/v2\/pages"}],"about":[{"href":"https:\/\/serfamiliabolivia.org\/index.php?rest_route=\/wp\/v2\/types\/page"}],"author":[{"embeddable":true,"href":"https:\/\/serfamiliabolivia.org\/index.php?rest_route=\/wp\/v2\/users\/1"}],"replies":[{"embeddable":true,"href":"https:\/\/serfamiliabolivia.org\/index.php?rest_route=%2Fwp%2Fv2%2Fcomments&post=1596"}],"version-history":[{"count":21,"href":"https:\/\/serfamiliabolivia.org\/index.php?rest_route=\/wp\/v2\/pages\/1596\/revisions"}],"predecessor-version":[{"id":1999,"href":"https:\/\/serfamiliabolivia.org\/index.php?rest_route=\/wp\/v2\/pages\/1596\/revisions\/1999"}],"wp:attachment":[{"href":"https:\/\/serfamiliabolivia.org\/index.php?rest_route=%2Fwp%2Fv2%2Fmedia&parent=1596"}],"curies":[{"name":"wp","href":"https:\/\/api.w.org\/{rel}","templated":true}]}}