{"id":178,"date":"2024-07-31T19:01:55","date_gmt":"2024-07-31T23:01:55","guid":{"rendered":"https:\/\/serfamiliabolivia.org\/?page_id=178"},"modified":"2026-02-18T11:23:39","modified_gmt":"2026-02-18T15:23:39","slug":"publicaciones","status":"publish","type":"page","link":"https:\/\/serfamiliabolivia.org\/?page_id=178","title":{"rendered":"Publicaciones"},"content":{"rendered":"\n\n\n<h3><strong>PUBLICACIONES<\/strong><\/h3>\n\n\nEn esta secci\u00f3n encontrar\u00e1s los \u00faltimos art\u00edculos y reportes publicados por nosotros, abordando temas clave sobre bienestar familiar, desarrollo comunitario y apoyo integral a la sociedad.\n\n\n\n\n<h2>Investigaciones Cient\u00edficas<\/h2>\nLas investigaciones cient\u00edficas realizadas ofrecen un an\u00e1lisis amplio sobre los desaf\u00edos y oportunidades de la poblaci\u00f3n.\n\n\n\n<h6>Investigaci\u00f3n No 6<\/h6>\n\n\n\n<h6>Investigaci\u00f3n No 5<\/h6>\n\n\n\n<h6>Investigaci\u00f3n No 4<\/h6>\n\n\n\n\n\n<h6>Investigaci\u00f3n No 3<\/h6>\n\n\n\n<h6>Investigaci\u00f3n No 2<\/h6>\n\n\n\n<h6>Investigaci\u00f3n No 1<\/h6>\n\n\n<h2>Libro\/Estudios<\/h2>\nNuestras investigaciones m\u00e1s profundas y libros especializados que ofrecen un an\u00e1lisis detallado sobre los desaf\u00edos y oportunidades para la poblaci\u00f3n.\n\n\n\n<h6>Mujeres, J\u00f3venes Emprendedoras con Mejores Ingresos<\/h6>\n\n\n\n<h3>Estudio Lecciones Aprendidas Sobre Intermediaci\u00f3n Laboral<\/h3>\n\n\n\n<h5>Digamos NO a la Trata de Personas<\/h5>\n\n\n\n<h3>An\u00e1lisis y Reflexiones Sobre un Modelo Exitoso de Empleo Sostenible<\/h3>\n\n\n\n\n\n<h3>Mujeres Construyendo una Bolivia con Equidad y Justicia<\/h3>\n\n\n\n<h3>Influencias del Entorno Familiar en la Sostenibilidad y \u00c9xito de Emprendimientos Encabezados por Mujeres J\u00f3venes<\/h3>\n\n\n\n<h3>Proyecto Mujeres Emprendedoras con Liderazgo en Salud Reproductiva<\/h3>\n\n\n\n<h3>Estudio lecciones aprendidas sobre intermediaci\u00f3n laboral<\/h3>\n\n\n\n\n\n<h3>Modelo de Gesti\u00f3n para la inserci\u00f3n al Mercado Laboral<\/h3>\n\n\n\n<h3>Perfil de la joven emprendedora urbana en Bolivia<\/h3>\n\n\n\n<h5>Identificaci\u00f3n de Lineamientos de Pol\u00edticas para el enfoque Educativo<\/h5>\n\n\n\n<h3>Estudio lecciones aprendidas sobre intermediaci\u00f3n laboral<\/h3>\n\n\n<h2>Gu\u00edas\/Manuales<\/h2>\nEstas herramientas pr\u00e1cticas y recursos dise\u00f1ados por nuestro equipo de expertos. Estas gu\u00edas y manuales est\u00e1n pensados para apoyar a las familias, docentes y profesionales en su labor diaria, brindando orientaci\u00f3n y soluciones efectivas.\n\n\n\n<h5>Gesti\u00f3n para la Inserci\u00f3n Laboral gu\u00eda de Empleabilidad<\/h5>\n\n\n\n<h3>Proyecto laboral educativo<\/h3>\n\n\n\n<h3>Normativa y Juventud<\/h3>\n\n\n\n<h3>Participaci\u00f3n &nbsp;y Ciudadan\u00eda<\/h3>\n\n\n\n\n\n<h3>Juventud y Derechos Humanos<\/h3>\n\n\n\n<h3>Fortalecimiento y Desarrollo del Liderazgo Juvenil<\/h3>\n\n\n\n<h3>Proyecto de Vida Educativo Laboral<\/h3>\n\n\n\n<h5>Aplicaci\u00f3n del Diagn\u00f3stico de Equidad de G\u00e9nero (Individual y Asociativo)&nbsp;<\/h5>\n\n\n\n\n\n<h3>Sensibilizaci\u00f3n en Enfoque de g\u00e9nero<\/h3>\n\n\n\n<h5>Facilitadores en Enfoque de G\u00e9nero<\/h5>\n\n\n\n<h3>Facilitaci\u00f3n de Talleres de Habilidades Blandas<\/h3>\n\n\n\n<h3>Lucha contra la Trata de Personas<\/h3>\n\n\n\n\n\n<h5>Manual de habilidades Blandas<\/h5>\n\n\n\n<h3>Manual de Finanzas MTS<\/h3>\n\n\n\n\n\n\n<h2>Memorias<\/h2>\nRevisa nuestras memorias anuales y eventos destacados, donde documentos los logros, proyectos y actividades que han marcado el impacto de Fundaci\u00f3n Ser Familia a lo largo del tiempo.\n\n\n\n<h3>Informe t\u00e9cnico final Proyecto de cooperaci\u00f3n internacional para el Desarrollo<\/h3>\n\n\n\n<h3>Memoria encuentro Juvenil 2018<\/h3>\n\n\n\n<h3>Memoria Foro Internacional \u00abEmpleo Juvenil Realidades y Retos\u00bb<\/h3>\n\n\n\n<h3>Memoria del proyecto Justicia=Mis derechos, mis obligaciones y mi inclusi\u00f3n<\/h3>\n\n\n\n\n\n<h3>Foro Municipal de Empleo Juvenil<\/h3>\n\n\n\n<h3>Encuentro de Juventudes<\/h3>\n\n\n\n<h3>Memoria proyecto de calidad Integrado<\/h3>\n\n\n\n<h3>Capacitaci\u00f3n Laboral para J\u00f3venes \u00abYo puedo\u00bb<\/h3>\n\n\n\n\n\n","protected":false},"excerpt":{"rendered":"","protected":false},"author":1,"featured_media":0,"parent":0,"menu_order":0,"comment_status":"closed","ping_status":"closed","template":"","meta":{"pagelayer_contact_templates":[],"_pagelayer_content":"","footnotes":""},"class_list":["post-178","page","type-page","status-publish","hentry"],"_links":{"self":[{"href":"https:\/\/serfamiliabolivia.org\/index.php?rest_route=\/wp\/v2\/pages\/178","targetHints":{"allow":["GET"]}}],"collection":[{"href":"https:\/\/serfamiliabolivia.org\/index.php?rest_route=\/wp\/v2\/pages"}],"about":[{"href":"https:\/\/serfamiliabolivia.org\/index.php?rest_route=\/wp\/v2\/types\/page"}],"author":[{"embeddable":true,"href":"https:\/\/serfamiliabolivia.org\/index.php?rest_route=\/wp\/v2\/users\/1"}],"replies":[{"embeddable":true,"href":"https:\/\/serfamiliabolivia.org\/index.php?rest_route=%2Fwp%2Fv2%2Fcomments&post=178"}],"version-history":[{"count":117,"href":"https:\/\/serfamiliabolivia.org\/index.php?rest_route=\/wp\/v2\/pages\/178\/revisions"}],"predecessor-version":[{"id":2325,"href":"https:\/\/serfamiliabolivia.org\/index.php?rest_route=\/wp\/v2\/pages\/178\/revisions\/2325"}],"wp:attachment":[{"href":"https:\/\/serfamiliabolivia.org\/index.php?rest_route=%2Fwp%2Fv2%2Fmedia&parent=178"}],"curies":[{"name":"wp","href":"https:\/\/api.w.org\/{rel}","templated":true}]}}